{"version":"1.0","provider_name":"LEMAY - Architecture et design","provider_url":"https:\/\/lemay.com\/fr\/","author_name":"Marie L\u00e9veill\u00e9 Tremblay","author_url":"https:\/\/lemay.com\/fr\/auteur\/mltremblay\/","title":"Si\u00e8ge social de Plusgrade | LEMAY - Architecture et design","type":"rich","width":600,"height":338,"html":"<blockquote class=\"wp-embedded-content\" data-secret=\"7xanxZuJ6l\"><a href=\"https:\/\/lemay.com\/fr\/projets\/siege-social-de-plusgrade\/\">Si\u00e8ge social de Plusgrade<\/a><\/blockquote><iframe sandbox=\"allow-scripts\" security=\"restricted\" src=\"https:\/\/lemay.com\/fr\/projets\/siege-social-de-plusgrade\/embed\/#?secret=7xanxZuJ6l\" width=\"600\" height=\"338\" title=\"&laquo;&nbsp;Si\u00e8ge social de Plusgrade&nbsp;&raquo; &#8212; LEMAY - Architecture et design\" data-secret=\"7xanxZuJ6l\" frameborder=\"0\" marginwidth=\"0\" marginheight=\"0\" scrolling=\"no\" class=\"wp-embedded-content\"><\/iframe><script type=\"text\/javascript\">\n\/* <![CDATA[ *\/\n\/*! This file is auto-generated *\/\n!function(d,l){\"use strict\";l.querySelector&&d.addEventListener&&\"undefined\"!=typeof URL&&(d.wp=d.wp||{},d.wp.receiveEmbedMessage||(d.wp.receiveEmbedMessage=function(e){var t=e.data;if((t||t.secret||t.message||t.value)&&!\/[^a-zA-Z0-9]\/.test(t.secret)){for(var s,r,n,a=l.querySelectorAll('iframe[data-secret=\"'+t.secret+'\"]'),o=l.querySelectorAll('blockquote[data-secret=\"'+t.secret+'\"]'),c=new RegExp(\"^https?:$\",\"i\"),i=0;i<o.length;i++)o[i].style.display=\"none\";for(i=0;i<a.length;i++)s=a[i],e.source===s.contentWindow&&(s.removeAttribute(\"style\"),\"height\"===t.message?(1e3<(r=parseInt(t.value,10))?r=1e3:~~r<200&&(r=200),s.height=r):\"link\"===t.message&&(r=new URL(s.getAttribute(\"src\")),n=new URL(t.value),c.test(n.protocol))&&n.host===r.host&&l.activeElement===s&&(d.top.location.href=t.value))}},d.addEventListener(\"message\",d.wp.receiveEmbedMessage,!1),l.addEventListener(\"DOMContentLoaded\",function(){for(var e,t,s=l.querySelectorAll(\"iframe.wp-embedded-content\"),r=0;r<s.length;r++)(t=(e=s[r]).getAttribute(\"data-secret\"))||(t=Math.random().toString(36).substring(2,12),e.src+=\"#?secret=\"+t,e.setAttribute(\"data-secret\",t)),e.contentWindow.postMessage({message:\"ready\",secret:t},\"*\")},!1)))}(window,document);\n\/* ]]> *\/\n<\/script>\n","thumbnail_url":"http:\/\/lemay.com\/app\/uploads\/2025\/02\/plusgrade-head-office-montreal-lemay-credit-claude-simon-langlois-1-1.jpg","thumbnail_width":2000,"thumbnail_height":1120,"description":"L\u2019innovation et la flexibilit\u00e9 sont les deux principaux ingr\u00e9dients de la formule qui a \u00e9t\u00e9 \u00e9labor\u00e9e pour r\u00e9pondre aux besoins des employ\u00e9\u00b7es dans le cadre du r\u00e9am\u00e9nagement des espaces de travail de Plusgrade, une jeune entreprise dont le si\u00e8ge social est situ\u00e9 \u00e0 Montr\u00e9al. La mission claire et les formes g\u00e9om\u00e9triques du logo de l\u2019entreprise ont \u00e9t\u00e9 les principales sources d\u2019inspiration pour explorer des pistes cr\u00e9atives qui ont men\u00e9 \u00e0 l\u2019ajout de nouvelles fonctions afin de rendre chaque espace de travail plus convivial tout en exploitant pleinement le canevas relativement neutre des bureaux existants. Qu\u2019il s\u2019agisse des nouveaux lieux de collaboration, des salles de r\u00e9union r\u00e9am\u00e9nag\u00e9es ou encore de la nouvelle zone de r\u00e9ception doubl\u00e9e d\u2019un espace bistro, le si\u00e8ge social revamp\u00e9 offre aux utilisateurs des destinations, des exp\u00e9riences et des \u00e9l\u00e9ments de surprises. Chaque espace est clairement d\u00e9fini et accentu\u00e9 par l\u2019utilisation de la couleur, de m\u00eame que l\u2019int\u00e9gration judicieuse d\u2019\u00e9l\u00e9ments architecturaux et d\u2019effets de lumi\u00e8res. L\u2019utilisation judicieuse du bleu et de l\u2019orange \u2013 les deux couleurs dominantes de l\u2019image de marque de Plusgrade \u2013 cr\u00e9e un contraste percutant lorsque ces teintes sont superpos\u00e9es \u00e0 la trame noire et blanche qui sert de base au design de l\u2019espace. Le concept comprend \u00e9galement une \u00e9tag\u00e8re-cloison et un mur interactif con\u00e7u dans le cadre du mandat de signal\u00e9tique\u00a0et qui invitent les membres de l\u2019\u00e9quipe de Plusgrade \u00e0 s\u2019approprier l\u2019espace en le personnalisant \u00e0 l\u2019aide de photos, de troph\u00e9es et de souvenirs. En plus de rendre l\u2019espace plus dynamique, ces objets tiennent lieu de jalons de l\u2019histoire de cette entreprise qui poss\u00e8de des bureaux \u00e0 travers le monde. &nbsp;"}